{"id":2182,"date":"2025-07-17T11:30:24","date_gmt":"2025-07-17T11:30:24","guid":{"rendered":"https:\/\/roscar.ma\/?page_id=2182"},"modified":"2025-07-26T13:31:35","modified_gmt":"2025-07-26T13:31:35","slug":"agadir-arac-kiralama","status":"publish","type":"page","link":"https:\/\/roscar.ma\/tr\/agadir-arac-kiralama\/","title":{"rendered":"Agadir Ara\u00e7 Kiralama"},"content":{"rendered":"<h2>RosCar&#8217;dan Agadir Ara\u00e7 Kiralama<\/h2>\n<p>Fas, e\u015fsiz bir havaya, canl\u0131 manzaralara ve d\u00fczinelerce enfes sahil beldesi \u015fehrine sahip bir \u00fclkedir. Sahilde dinlenmekten daha fazlas\u0131n\u0131 arayanlar i\u00e7in m\u00fckemmel bir yerdir. Ve seyahatinizden en iyi \u015fekilde yararlanmak ve canl\u0131 hislerle dolmak istiyorsan\u0131z gitmenin tek bir yolu var: ara\u00e7 kiralama Agadir. Sizinkini almaya haz\u0131r m\u0131s\u0131n\u0131z? O zaman RosCar ile \u015fimdi rezervasyon yap\u0131n ve yapabileceksiniz:<\/p>\n<ul>\n<li>Kazan-kazan ko\u015fullar\u0131yla en iyi teklifleri se\u00e7in<\/li>\n<li>Hayat\u0131 daha iyi ve daha kolay hale getiren ekstra se\u00e7eneklerle donat\u0131n<\/li>\n<li>Ba\u015fkas\u0131n\u0131n program\u0131na ba\u011fl\u0131 kalmadan kendi benzersiz yolunuzda ilerleyin<\/li>\n<li>Uzun s\u00fcreli ara\u00e7 kiralama i\u00e7in d\u00fc\u015f\u00fck fiyatlar al\u0131n.<\/li>\n<\/ul>\n<h2>Agadir Ara\u00e7 Kiralama: Rehber<\/h2>\n<p>&#8220;\u015eimdi Rezervasyon Yap&#8221; d\u00fc\u011fmesine basmadan \u00f6nce, k\u0131sa bir tan\u0131t\u0131m yaz\u0131s\u0131n\u0131 okuman\u0131z\u0131 \u00f6neririz. Bu, d\u00fcnyan\u0131n her yerinden binlerce aktif gezginin yoludur ve pi\u015fman olmayaca\u011f\u0131n\u0131z \u015feyleri alman\u0131z\u0131 sa\u011flar.<\/p>\n<h3>1. B\u00fct\u00e7enize ve hedeflerinize uygun ara\u00e7 t\u00fcr\u00fcn\u00fc se\u00e7in<\/h3>\n<p>Agadir&#8217;de ucuz ara\u00e7 kiralama sadece do\u011fru t\u00fcr\u00fc se\u00e7enler i\u00e7in ge\u00e7erlidir:<\/p>\n<ul>\n<li>Standart araba (Fas&#8217;ta En \u00c7ok Satanlar)<\/li>\n<li>Crossover veya SUV<\/li>\n<li>Mini araba veya Ekonomik araba<\/li>\n<li>Minivan veya Van<\/li>\n<li>Cabrio, L\u00fcks veya di\u011ferleri.<\/li>\n<\/ul>\n<h3>2. Ek hizmetler ne olacak?<\/h3>\n<p>Bu, rezervasyonun bir\u00e7ok turistin genellikle atlad\u0131\u011f\u0131, ancak daha sonra daha fazla dikkat etmedi\u011fi i\u00e7in pi\u015fmanl\u0131k duydu\u011fu k\u0131sm\u0131d\u0131r. Belki de burada Agadir&#8217;de araba kiralaman\u0131z\u0131 daha iyi hale getirecek bir \u015fey vard\u0131r:<\/p>\n<ul>\n<li>Ek sigorta: Tam Kapsam veya SuperCDW&#8217;ye y\u00fckseltme i\u00e7in \u00f6deme yapt\u0131ysan\u0131z finansal riskler daha d\u00fc\u015f\u00fck olacakt\u0131r.<\/li>\n<li>\u00dccretsiz iptal: Planlar\u0131n\u0131zdan %100 emin olmaman\u0131z durumunda.<\/li>\n<li>S\u0131n\u0131rs\u0131z Kilometre: Sonsuz seyahat f\u0131rsatlar\u0131 i\u00e7in s\u0131f\u0131r \u00fccret.<\/li>\n<li>Depozito yok: B\u00fct\u00e7enizi k\u0131sman\u0131za gerek yok, kredi kartlar\u0131nda depozito blokesi olmamas\u0131n\u0131 deneyin.<\/li>\n<li>Garantili model: Ayn\u0131 ara\u00e7 rezerve edilecektir, istisna yoktur.<\/li>\n<li>\u015eanz\u0131man: Otomatik \u015fanz\u0131man \u00f6nerdi\u011fimizi \u00f6\u011frenince \u015fa\u015f\u0131rmayacaks\u0131n\u0131z.<\/li>\n<li>Kredi kart\u0131 yok: Bu \u00fccretsiz \u00f6zellik ile bir\u00e7ok iyi ara\u00e7 mevcuttur.<\/li>\n<li>SIM kart: \u0130stikrarl\u0131 ve ucuz bir internet ba\u011flant\u0131s\u0131 olmadan 2025 y\u0131l\u0131nda seyahat etmek imkans\u0131zd\u0131r.<\/li>\n<li>Ek s\u00fcr\u00fcc\u00fc: Yolda bir arkada\u015f\u0131n\u0131z\u0131n kullanmas\u0131n\u0131 istiyorsan\u0131z bu se\u00e7ene\u011fi se\u00e7in.<\/li>\n<li>\u00c7ocuk koltu\u011fu: Fas&#8217;ta 10 ya\u015f\u0131n alt\u0131ndaki \u00e7ocuklar\u0131n \u00e7ocuk koltu\u011funda olmas\u0131 gerekir.<\/li>\n<\/ul>\n<blockquote class=\"check\">\n<h2>Agadir ara\u00e7 kiralama: Rezervasyon<\/h2>\n<p>Ehliyetiniz var ve 21 ya\u015f\u0131ndan b\u00fcy\u00fck m\u00fcs\u00fcn\u00fcz? \u00d6yleyse en k\u0131sa s\u00fcrede Agadir ara\u00e7 kiralama hizmetini al\u0131n:<\/p>\n<ol>\n<li>Konumlar\u0131 ve tarihleri belirtin.<\/li>\n<li>Araman\u0131z\u0131 \u00f6zelle\u015ftirmek i\u00e7in filtrelere gidin.<\/li>\n<li>Listede istedi\u011finiz arac\u0131 buldunuz mu? \u015eimdi rezervasyon yap\u0131n.<\/li>\n<li>Ek hizmetler veya sigorta t\u00fcr\u00fc ekleyin (y\u00fckseltmeye ihtiyac\u0131n\u0131z varsa).<\/li>\n<li>S\u00fcr\u00fcc\u00fc bilgilerinizi doldurun.<\/li>\n<li>Onaylay\u0131n.<\/li>\n<\/ol>\n<p>RosCar&#8217;da rezervasyon onay\u0131, kira \u00f6demesinin yakla\u015f\u0131k be\u015fte birini gerektiren bir banka kart\u0131 arac\u0131l\u0131\u011f\u0131yla ger\u00e7ekle\u015ftirilir. Voucher (rezervasyon onay\u0131), \u00f6deme yat\u0131r\u0131l\u0131r yat\u0131r\u0131lmaz g\u00f6nderilecektir.<\/p><\/blockquote>\n<h2>Agadir araba kiralama fiyat\u0131<\/h2>\n<p>Kiral\u0131k bir arac\u0131 bir g\u00fcn kullanman\u0131n maliyeti:<\/p>\n<ul>\n<li>Ekonomi\/Mini i\u00e7in 15-20 $<\/li>\n<li>Standart\/Kompakt i\u00e7in 25-35 $<\/li>\n<li>Crossover\/SUV\/Minivan i\u00e7in 40-60 $<\/li>\n<li>L\u00fcks\/D\u00f6n\u00fc\u015ft\u00fcr\u00fclebilir i\u00e7in 80$+.<\/li>\n<\/ul>\n<p>Bunlar yaln\u0131zca y\u0131l boyunca ortalamas\u0131 al\u0131nan yakla\u015f\u0131k de\u011ferlerdir. Agadir \u015fehrinde araba kiralamak daha ucuz olacakt\u0131r:<\/p>\n<ul>\n<li>Son dakika sezonlar\u0131ndan veya tatillerden uzak durun<\/li>\n<li>Uzun s\u00fcreli ara\u00e7 kiralama aray\u0131n<\/li>\n<li>\u015eehirden al\u0131nma (Havaalan\u0131 veya transfer daha pahal\u0131d\u0131r)<\/li>\n<li>Zaman\u0131nda rezervasyon yapt\u0131r\u0131n (ba\u015flang\u0131\u00e7tan 10-20 g\u00fcn \u00f6nce).<\/li>\n<\/ul>\n<p>Ayr\u0131ca fiyat kar\u015f\u0131la\u015ft\u0131rmas\u0131 yapman\u0131z\u0131 \u00f6neririz:<\/p>\n<h3>Agadir, Fas ara\u00e7 kiralama fiyatlar\u0131 tablosu<\/h3>\n<table border=\"1\" cellspacing=\"0\" cellpadding=\"0\">\n<thead>\n<tr>\n<th>Araba modeli<\/th>\n<th>V\u00fccut tipi<\/th>\n<th>G\u00fcnl\u00fck fiyat (d\u00fc\u015f\u00fck sezon)<\/th>\n<th>G\u00fcnl\u00fck fiyat (y\u00fcksek sezon)<\/th>\n<th>Yolcular<\/th>\n<th>Bagaj kapasitesi<\/th>\n<\/tr>\n<\/thead>\n<tbody>\n<tr>\n<td>Fiat Panda<\/td>\n<td>Hatchback<\/td>\n<td>19 \u20ac<\/td>\n<td>25 \u20ac<\/td>\n<td>4<\/td>\n<td>1<\/td>\n<\/tr>\n<tr>\n<td>Kia Picanto<\/td>\n<td>Hatchback<\/td>\n<td>21 \u20ac<\/td>\n<td>28 \u20ac<\/td>\n<td>4<\/td>\n<td>1<\/td>\n<\/tr>\n<tr>\n<td>Dacia Logan<\/td>\n<td>Sedan<\/td>\n<td>23 \u20ac<\/td>\n<td>31 \u20ac<\/td>\n<td>5<\/td>\n<td>2<\/td>\n<\/tr>\n<tr>\n<td>Hyundai i20<\/td>\n<td>Hatchback<\/td>\n<td>25 \u20ac<\/td>\n<td>34 \u20ac<\/td>\n<td>5<\/td>\n<td>2<\/td>\n<\/tr>\n<tr>\n<td>Peugeot 208<\/td>\n<td>Hatchback<\/td>\n<td>26 \u20ac<\/td>\n<td>35 \u20ac<\/td>\n<td>5<\/td>\n<td>2<\/td>\n<\/tr>\n<tr>\n<td>Renault Clio<\/td>\n<td>Hatchback<\/td>\n<td>27 \u20ac<\/td>\n<td>37 \u20ac<\/td>\n<td>5<\/td>\n<td>2<\/td>\n<\/tr>\n<tr>\n<td>Citro\u00ebn C-Elys\u00e9e<\/td>\n<td>Sedan<\/td>\n<td>28 \u20ac<\/td>\n<td>38 \u20ac<\/td>\n<td>5<\/td>\n<td>3<\/td>\n<\/tr>\n<tr>\n<td>Renault Captur<\/td>\n<td>\u00c7apraz Ge\u00e7i\u015f<\/td>\n<td>33 \u20ac<\/td>\n<td>44 \u20ac<\/td>\n<td>5<\/td>\n<td>3<\/td>\n<\/tr>\n<tr>\n<td>Dacia Duster<\/td>\n<td>SUV<\/td>\n<td>37 \u20ac<\/td>\n<td>48 \u20ac<\/td>\n<td>5<\/td>\n<td>3<\/td>\n<\/tr>\n<tr>\n<td>Peugeot 3008<\/td>\n<td>SUV<\/td>\n<td>54 \u20ac<\/td>\n<td>68 \u20ac<\/td>\n<td>5<\/td>\n<td>4<\/td>\n<\/tr>\n<\/tbody>\n<\/table>\n        <div class=\"rpc-chart\">\n            <h3>Agadir ara\u00e7 kiralama fiyatlar\u0131ndaki mevsimsel de\u011fi\u015fiklikler: rezervasyonlara dayal\u0131 ger\u00e7ek zamanl\u0131 analizler<\/h3>\n            <div><p>Son \u00fc\u00e7 y\u0131ld\u0131r, roscar.ma ekibi Agadir'de ara\u00e7 kiralaman\u0131n ortalama maliyeti hakk\u0131nda veri topluyor ve analiz ediyor. T\u00fcm sonu\u00e7lar, yaln\u0131zca g\u00fcvenilir yerel ortaklarla \u00e7al\u0131\u015fan platform \u00fczerinden yap\u0131lan ger\u00e7ek rezervasyonlara dayanmaktad\u0131r.<\/p>\n<p>\u00c7al\u0131\u015fma, kompakt \u015fehir modellerinden geni\u015f SUV'lara, \u00fcst\u00fc a\u00e7\u0131k arabalara ve birinci s\u0131n\u0131f arabalara kadar t\u00fcm araba kategorilerini dikkate almaktad\u0131r. Bu yakla\u015f\u0131m, do\u011fru mevsimsel fiyat e\u011filimlerini belirlemenize ve m\u00fc\u015fterilere seyahatlerini planlamak i\u00e7in en yararl\u0131 bilgileri sa\u011flaman\u0131za olanak tan\u0131r.<\/p>\n<p>RosCar Morocco uzmanlar\u0131 Fas'taki ara\u00e7 kiralama pazar\u0131n\u0131 derinlemesine anlamakta ve g\u00fcncel istatistikleri g\u00fcncellemek i\u00e7in her g\u00fcn \u00e7al\u0131\u015fmaktad\u0131r. Bu, kullan\u0131c\u0131lar\u0131n sadece ortalamalar\u0131 de\u011fil, ger\u00e7ek ko\u015fullar\u0131 kar\u015f\u0131layan g\u00fcvenilir, pratik bilgileri almas\u0131n\u0131 sa\u011flar.<\/p>\n<\/div>\n            <div class=\"rpc-chart-bars\">\n                                    <div class=\"rpc-chart-column\">\n                        <div class=\"rpc-chart-inner\" style=\"height: 27.659574468085%\">\n                            <div class=\"rpc-chart-column-value\">13 \u20ac<\/div>\n                            <div class=\"rpc-chart-month\">JAN<\/div>\n                        <\/div>\n                    <\/div>\n                                    <div class=\"rpc-chart-column\">\n                        <div class=\"rpc-chart-inner\" style=\"height: 29.787234042553%\">\n                            <div class=\"rpc-chart-column-value\">14 \u20ac<\/div>\n                            <div class=\"rpc-chart-month\">FEB<\/div>\n                        <\/div>\n                    <\/div>\n                                    <div class=\"rpc-chart-column\">\n                        <div class=\"rpc-chart-inner\" style=\"height: 27.659574468085%\">\n                            <div class=\"rpc-chart-column-value\">13 \u20ac<\/div>\n                            <div class=\"rpc-chart-month\">MAR<\/div>\n                        <\/div>\n                    <\/div>\n                                    <div class=\"rpc-chart-column\">\n                        <div class=\"rpc-chart-inner\" style=\"height: 38.297872340426%\">\n                            <div class=\"rpc-chart-column-value\">18 \u20ac<\/div>\n                            <div class=\"rpc-chart-month\">APR<\/div>\n                        <\/div>\n                    <\/div>\n                                    <div class=\"rpc-chart-column\">\n                        <div class=\"rpc-chart-inner\" style=\"height: 29.787234042553%\">\n                            <div class=\"rpc-chart-column-value\">14 \u20ac<\/div>\n                            <div class=\"rpc-chart-month\">MAY<\/div>\n                        <\/div>\n                    <\/div>\n                                    <div class=\"rpc-chart-column\">\n                        <div class=\"rpc-chart-inner\" style=\"height: 27.659574468085%\">\n                            <div class=\"rpc-chart-column-value\">13 \u20ac<\/div>\n                            <div class=\"rpc-chart-month\">JUN<\/div>\n                        <\/div>\n                    <\/div>\n                                    <div class=\"rpc-chart-column\">\n                        <div class=\"rpc-chart-inner\" style=\"height: 46.808510638298%\">\n                            <div class=\"rpc-chart-column-value\">22 \u20ac<\/div>\n                            <div class=\"rpc-chart-month\">JUL<\/div>\n                        <\/div>\n                    <\/div>\n                                    <div class=\"rpc-chart-column\">\n                        <div class=\"rpc-chart-inner\" style=\"height: 57.446808510638%\">\n                            <div class=\"rpc-chart-column-value\">27 \u20ac<\/div>\n                            <div class=\"rpc-chart-month\">AUG<\/div>\n                        <\/div>\n                    <\/div>\n                                    <div class=\"rpc-chart-column\">\n                        <div class=\"rpc-chart-inner\" style=\"height: 31.914893617021%\">\n                            <div class=\"rpc-chart-column-value\">15 \u20ac<\/div>\n                            <div class=\"rpc-chart-month\">SEP<\/div>\n                        <\/div>\n                    <\/div>\n                                    <div class=\"rpc-chart-column\">\n                        <div class=\"rpc-chart-inner\" style=\"height: 38.297872340426%\">\n                            <div class=\"rpc-chart-column-value\">18 \u20ac<\/div>\n                            <div class=\"rpc-chart-month\">OCT<\/div>\n                        <\/div>\n                    <\/div>\n                                    <div class=\"rpc-chart-column\">\n                        <div class=\"rpc-chart-inner\" style=\"height: 31.914893617021%\">\n                            <div class=\"rpc-chart-column-value\">15 \u20ac<\/div>\n                            <div class=\"rpc-chart-month\">NOV<\/div>\n                        <\/div>\n                    <\/div>\n                                    <div class=\"rpc-chart-column\">\n                        <div class=\"rpc-chart-inner\" style=\"height: 40.425531914894%\">\n                            <div class=\"rpc-chart-column-value\">19 \u20ac<\/div>\n                            <div class=\"rpc-chart-month\">DEC<\/div>\n                        <\/div>\n                    <\/div>\n                            <\/div>\n        <\/div>\n        \n<h2>Agadir \u015fehrinde araba kiralama: Belgeler<\/h2>\n<p>Agadir&#8217;de ara\u00e7 kiralamak i\u00e7in 21-25 ya\u015f, biraz s\u00fcr\u00fc\u015f deneyimi ve a\u015fa\u011f\u0131daki belgeler gereklidir:<\/p>\n<ol>\n<li>Kredi kart\u0131 (iste\u011fe ba\u011fl\u0131)<\/li>\n<li>Pasaport<\/li>\n<li>Kupon \/ Rezervasyon sertifikas\u0131<\/li>\n<li>S\u00fcr\u00fcc\u00fc belgesi (veya IDP).<\/li>\n<\/ol>\n<p>Ara\u00e7 kiralama Agadir, sadece Agadir&#8217;i de\u011fil t\u00fcm Fas&#8217;\u0131 g\u00f6rmek isteyen turistler i\u00e7in vazge\u00e7ilmez bir hizmettir.<\/p>\n","protected":false},"excerpt":{"rendered":"<p>RosCar&#8217;dan Agadir Ara\u00e7 Kiralama Fas, e\u015fsiz bir havaya, canl\u0131 manzaralara ve d\u00fczinelerce enfes sahil beldesi \u015fehrine sahip bir \u00fclkedir. Sahilde dinlenmekten daha fazlas\u0131n\u0131 arayanlar i\u00e7in m\u00fckemmel bir yerdir. Ve seyahatinizden en iyi \u015fekilde yararlanmak ve canl\u0131 hislerle dolmak istiyorsan\u0131z gitmenin tek bir yolu var: ara\u00e7 kiralama Agadir. Sizinkini almaya haz\u0131r m\u0131s\u0131n\u0131z? O zaman RosCar ile [&hellip;]<\/p>\n","protected":false},"author":1,"featured_media":807,"parent":0,"menu_order":0,"comment_status":"closed","ping_status":"closed","template":"","meta":{"footnotes":""},"class_list":["post-2182","page","type-page","status-publish","has-post-thumbnail",""],"_links":{"self":[{"href":"https:\/\/roscar.ma\/tr\/wp-json\/wp\/v2\/pages\/2182","targetHints":{"allow":["GET"]}}],"collection":[{"href":"https:\/\/roscar.ma\/tr\/wp-json\/wp\/v2\/pages"}],"about":[{"href":"https:\/\/roscar.ma\/tr\/wp-json\/wp\/v2\/types\/page"}],"author":[{"embeddable":true,"href":"https:\/\/roscar.ma\/tr\/wp-json\/wp\/v2\/users\/1"}],"replies":[{"embeddable":true,"href":"https:\/\/roscar.ma\/tr\/wp-json\/wp\/v2\/comments?post=2182"}],"version-history":[{"count":3,"href":"https:\/\/roscar.ma\/tr\/wp-json\/wp\/v2\/pages\/2182\/revisions"}],"predecessor-version":[{"id":2185,"href":"https:\/\/roscar.ma\/tr\/wp-json\/wp\/v2\/pages\/2182\/revisions\/2185"}],"wp:featuredmedia":[{"embeddable":true,"href":"https:\/\/roscar.ma\/tr\/wp-json\/wp\/v2\/media\/807"}],"wp:attachment":[{"href":"https:\/\/roscar.ma\/tr\/wp-json\/wp\/v2\/media?parent=2182"}],"curies":[{"name":"wp","href":"https:\/\/api.w.org\/{rel}","templated":true}]}}