{"id":1040,"date":"2025-07-17T09:45:33","date_gmt":"2025-07-17T09:45:33","guid":{"rendered":"https:\/\/roscar.ma\/?page_id=1040"},"modified":"2025-07-22T12:48:28","modified_gmt":"2025-07-22T12:48:28","slug":"fas-arac-kiralama","status":"publish","type":"page","link":"https:\/\/roscar.ma\/tr\/","title":{"rendered":"Fas Ara\u00e7 Kiralama"},"content":{"rendered":"<h2>RosCar&#8217;dan Fas Ara\u00e7 Kiralama<\/h2>\n<p>Binlerce y\u0131ll\u0131k tarih ve eski Arap gelenekleri milyonlarca turisti bir m\u0131knat\u0131s gibi kendine \u00e7ekmektedir. Burada, b\u00fcy\u00fck Sahra ve Atlantik Okyanusu&#8217;nun seslerinin yan\u0131 s\u0131ra modern ve tarih \u00f6ncesi k\u00fclt\u00fcrleri ve her t\u00fcrl\u00fc seyahat i\u00e7in m\u00fckemmel ko\u015fullar\u0131 bulabilirsiniz. Peki Fas&#8217;ta araba kiralamak zorunda m\u0131y\u0131m? Bu mevcut tek se\u00e7enek olmayabilir, ancak baz\u0131 a\u00e7\u0131k avantajlar\u0131 olan bir se\u00e7enektir:<\/p>\n<ul>\n<li>\u0130stedi\u011finiz yerde serbest dola\u015f\u0131m<\/li>\n<li>Y\u00fcksek konfor ve rakipsiz rahatl\u0131k<\/li>\n<li>Geni\u015f ara\u00e7 se\u00e7enekleri<\/li>\n<li>K\u0131sa s\u00fcreli veya uzun s\u00fcreli ara\u00e7 kiralama se\u00e7enekleri mevcuttur.<\/li>\n<\/ul>\n<p>Bir an \u00f6nce yola \u00e7\u0131kmak m\u0131 istiyorsunuz? RosCar&#8217;da istedi\u011finiz arabay\u0131 \u015fimdi ay\u0131rt\u0131n: birka\u00e7 t\u0131klama, standart bir form doldurun ve onay i\u00e7in \u00f6n \u00f6deme yap\u0131n.<\/p>\n<h2>Fas araba kiralama yolunda<\/h2>\n<p>Bu, aceleye getirilmemesi gereken, ancak yar\u0131na da b\u0131rak\u0131lmamas\u0131 gereken bir g\u00f6revdir. Bu nedenle, Fas&#8217;ta araba kiralamaya giderken k\u00fc\u00e7\u00fck bir haz\u0131rl\u0131k rehberi okuyun.<\/p>\n<h3>1. Do\u011fru t\u00fcr\u00fc bulun<\/h3>\n<p>K\u00f6t\u00fc se\u00e7ilmi\u015f bir ara\u00e7 size istedi\u011finiz keyfi veya rahatl\u0131\u011f\u0131 sa\u011flamayacakt\u0131r. Listeye bir g\u00f6z at\u0131n ve bu t\u00fcrlerden hangisinin sizin \u00e7\u00f6z\u00fcm\u00fcn\u00fcz gibi g\u00f6r\u00fcnd\u00fc\u011f\u00fcn\u00fc d\u00fc\u015f\u00fcn\u00fcn:<\/p>\n<ul>\n<li>Ekonomi veya Mini (Fas&#8217;ta ucuz ara\u00e7 kiralama)<\/li>\n<li>Standart<\/li>\n<li>SUV veya Crossover<\/li>\n<li>L\u00fcks<\/li>\n<li>\u00dcst\u00fc A\u00e7\u0131labilir<\/li>\n<li>Van veya Minivan.<\/li>\n<\/ul>\n<h3>2. Ek hizmetler<\/h3>\n<p>Bu ekstra \u00f6zelliklerin hepsi \u00fccretli de\u011fildir, ancak her biri harika bir se\u00e7imdir:<\/p>\n<ul>\n<li>\u00dccretsiz \u0130ptal: Bu se\u00e7enek zaman\u0131nda kullan\u0131lmal\u0131d\u0131r (kalk\u0131\u015ftan 48 saat \u00f6ncesine kadar).<\/li>\n<li>Depozito Yok: B\u00fct\u00e7eli gezginler i\u00e7in en iyi \u00f6zellik, kredi kartlar\u0131nda depozito tutmamas\u0131d\u0131r.<\/li>\n<li>Garantili Model: En az\u0131ndan ne i\u00e7in rezervasyon yapt\u0131ysan\u0131z onu al\u0131n.<\/li>\n<li>\u00c7ocuk Koltu\u011fu: U\u00e7akta 10 ya\u015f\u0131nda veya daha k\u00fc\u00e7\u00fck \u00e7ocuklarla seyahat etmek i\u00e7in yasal bir gerekliliktir.<\/li>\n<li>Ek Sigorta: \u0130\u00e7inizin rahat etmesi i\u00e7in S\u00fcper CDW ve Tam Kapsam i\u00e7in ekstra \u00f6deme yap\u0131n.<\/li>\n<li>SIM Kart: Y\u00fcksek h\u0131zl\u0131 internetin keyfini \u00e7\u0131karmak i\u00e7in bir tane al\u0131n.<\/li>\n<li>Ek S\u00fcr\u00fcc\u00fc: Direksiyonda bir arkada\u015f\u0131n\u0131zla daha keyifli kilometreler.<\/li>\n<li>\u015eanz\u0131man: Rahat s\u00fcr\u00fc\u015fler i\u00e7in otomatik \u015fanz\u0131man aray\u0131n.<\/li>\n<li>S\u0131n\u0131rs\u0131z Kilometre: \u00c7\u00f6llerin ve deniz manzaralar\u0131n\u0131n ard\u0131na gizlenmi\u015f s\u0131n\u0131rs\u0131z manzara.<\/li>\n<\/ul>\n<blockquote class=\"check\">\n<h3>RosCar Fas ara\u00e7 kiralama detaylar\u0131<\/h3>\n<p>Fas ara\u00e7 kiralama almak i\u00e7in kendinize birka\u00e7 dakika bulun:<\/p>\n<ol>\n<li>Alma ve B\u0131rakma konumlar\u0131n\u0131 ayarlay\u0131n.<\/li>\n<li>Ba\u015flang\u0131\u00e7 ve Biti\u015f tarihlerini belirtin.<\/li>\n<li>\u0130stedi\u011finiz eklentileri se\u00e7mek i\u00e7in &#8220;Filtreler &#8220;e t\u0131klay\u0131n.<\/li>\n<li>Liste almak i\u00e7in &#8220;G\u00f6r\u00fcnt\u00fcle &#8220;ye t\u0131klay\u0131n.<\/li>\n<li>\u015eimdi Rezervasyon Yap\u0131n.<\/li>\n<li>Formu doldurun ve \u015eimdi \u00d6deyin.<\/li>\n<\/ol>\n<p>\u00d6deme sayfas\u0131na geldi\u011finizde, %20 \u00f6n \u00f6deme i\u00e7in bir kart girmeniz gerekir. Endi\u015felenmeyin, banka bilgileriniz g\u00fcvende.<\/p><\/blockquote>\n<h2>Fas&#8217;ta ara\u00e7 kiralama maliyeti<\/h2>\n<p>Fas&#8217;ta ara\u00e7 kiralama fiyatlar\u0131n\u0131 anlaman\u0131za yard\u0131mc\u0131 olacak baz\u0131 \u00f6rnekler a\u015fa\u011f\u0131da verilmi\u015ftir:<\/p>\n<ul>\n<li>Mini veya Ekonomi i\u00e7in 20-30 $<\/li>\n<li>Standart veya Minivan i\u00e7in 45-55 $<\/li>\n<li>SUV veya Crossover i\u00e7in 50-70 $<\/li>\n<li>L\u00fcks veya Cabrio i\u00e7in 80 dolardan.<\/li>\n<\/ul>\n<p>Ancak daha ucuza getirmeyi deneyebilirsiniz:<\/p>\n<ul>\n<li>Uzun s\u00fcreli ara\u00e7 kiralama (5 g\u00fcn veya daha fazla)<\/li>\n<li>Ba\u015flang\u0131\u00e7 tarihini hafta ortas\u0131na ayarlay\u0131n<\/li>\n<li>Sadece fiyata g\u00f6re de\u011fil, ekipmana g\u00f6re de kar\u015f\u0131la\u015ft\u0131r\u0131n<\/li>\n<li>\u00c7ok \u00f6nceden online rezervasyon yap\u0131n.<\/li>\n<\/ul>\n<p>Fiyat kar\u015f\u0131la\u015ft\u0131rmas\u0131 hakk\u0131nda daha fazla bilgi:<\/p>\n<h3>Fas&#8217;ta ara\u00e7 kiralama fiyatlar\u0131 tablosu<\/h3>\n<table border=\"1\" cellspacing=\"0\" cellpadding=\"8\">\n<thead>\n<tr>\n<th>Araba modeli<\/th>\n<th>V\u00fccut tipi<\/th>\n<th>G\u00fcnl\u00fck fiyat (d\u00fc\u015f\u00fck sezon)<\/th>\n<th>G\u00fcnl\u00fck fiyat (y\u00fcksek sezon)<\/th>\n<th>Yolcular<\/th>\n<th>Bagaj kapasitesi<\/th>\n<\/tr>\n<\/thead>\n<tbody>\n<tr>\n<td>Dacia Logan<\/td>\n<td>Sedan<\/td>\n<td>23 \u20ac<\/td>\n<td>30 \u20ac<\/td>\n<td>5<\/td>\n<td>2<\/td>\n<\/tr>\n<tr>\n<td>Kia Picanto<\/td>\n<td>Hatchback<\/td>\n<td>20 \u20ac<\/td>\n<td>28 \u20ac<\/td>\n<td>4<\/td>\n<td>1<\/td>\n<\/tr>\n<tr>\n<td>Renault Clio<\/td>\n<td>Hatchback<\/td>\n<td>25 \u20ac<\/td>\n<td>35 \u20ac<\/td>\n<td>5<\/td>\n<td>2<\/td>\n<\/tr>\n<tr>\n<td>Dacia Duster<\/td>\n<td>SUV<\/td>\n<td>35 \u20ac<\/td>\n<td>45 \u20ac<\/td>\n<td>5<\/td>\n<td>3<\/td>\n<\/tr>\n<tr>\n<td>Hyundai Tucson<\/td>\n<td>SUV<\/td>\n<td>50 \u20ac<\/td>\n<td>65 \u20ac<\/td>\n<td>5<\/td>\n<td>4<\/td>\n<\/tr>\n<tr>\n<td>Peugeot 208<\/td>\n<td>Hatchback<\/td>\n<td>22 \u20ac<\/td>\n<td>32 \u20ac<\/td>\n<td>5<\/td>\n<td>2<\/td>\n<\/tr>\n<tr>\n<td>Volkswagen Polo<\/td>\n<td>Hatchback<\/td>\n<td>26 \u20ac<\/td>\n<td>36 \u20ac<\/td>\n<td>5<\/td>\n<td>2<\/td>\n<\/tr>\n<tr>\n<td>Citro\u00ebn C-Elys\u00e9e<\/td>\n<td>Sedan<\/td>\n<td>24 \u20ac<\/td>\n<td>34 \u20ac<\/td>\n<td>5<\/td>\n<td>3<\/td>\n<\/tr>\n<tr>\n<td>Fiat Tipo<\/td>\n<td>Sedan<\/td>\n<td>27 \u20ac<\/td>\n<td>37 \u20ac<\/td>\n<td>5<\/td>\n<td>3<\/td>\n<\/tr>\n<tr>\n<td>Renault Captur<\/td>\n<td>\u00c7apraz Ge\u00e7i\u015f<\/td>\n<td>33 \u20ac<\/td>\n<td>43 \u20ac<\/td>\n<td>5<\/td>\n<td>3<\/td>\n<\/tr>\n<\/tbody>\n<\/table>\n        <div class=\"rpc-chart\">\n            <h3>Fas&#039;ta sezonluk ara\u00e7 kiralama fiyatlar\u0131<\/h3>\n            <div><p>A\u015fa\u011f\u0131daki tablo, son \u00fc\u00e7 y\u0131l i\u00e7inde Fas'ta ortalama ara\u00e7 kiralama fiyatlar\u0131ndaki de\u011fi\u015fikliklerin bir analizini g\u00f6stermektedir. Bilgiler, arac\u0131s\u0131z ara\u00e7 kiralama konusunda uzmanla\u015fm\u0131\u015f bir web sitesi olan roscar.ma \u00fczerinden yap\u0131lan ger\u00e7ek rezervasyonlara dayanmaktad\u0131r. Veriler t\u00fcm ara\u00e7 s\u0131n\u0131flar\u0131n\u0131 kapsamaktad\u0131r (uygun fiyatl\u0131 \u015fehir modellerinden SUV'lara, \u00fcst\u00fc a\u00e7\u0131k ara\u00e7lara ve premium segmente kadar).<\/p>\n<p>Gezginlerle uzun y\u0131llara dayanan \u00e7al\u0131\u015fma deneyimimiz ve d\u00fczenli piyasa takibimiz sayesinde, kiralama fiyatlar\u0131ndaki mevsimsel dalgalanmalar hakk\u0131nda objektif bir g\u00f6r\u00fc\u015f olu\u015fturduk. Analizimiz Fas'a seyahat etmeyi planlayan herkes i\u00e7in faydal\u0131 olacakt\u0131r: ara\u00e7 kiralaman\u0131n en avantajl\u0131 olaca\u011f\u0131 d\u00f6nemi \u00f6nceden se\u00e7ebilirsiniz.<\/p>\n<p>Seyahatinizi konforlu, g\u00fcvenli ve ekonomik hale getirmek i\u00e7in RosCar Morocco'nun do\u011frulanm\u0131\u015f bilgilerini ve pratik tavsiyelerini kullanman\u0131z\u0131 \u00f6neririz.<\/p>\n<\/div>\n            <div class=\"rpc-chart-bars\">\n                                    <div class=\"rpc-chart-column\">\n                        <div class=\"rpc-chart-inner\" style=\"height: 28.846153846154%\">\n                            <div class=\"rpc-chart-column-value\">15 \u20ac<\/div>\n                            <div class=\"rpc-chart-month\">JAN<\/div>\n                        <\/div>\n                    <\/div>\n                                    <div class=\"rpc-chart-column\">\n                        <div class=\"rpc-chart-inner\" style=\"height: 28.846153846154%\">\n                            <div class=\"rpc-chart-column-value\">15 \u20ac<\/div>\n                            <div class=\"rpc-chart-month\">FEB<\/div>\n                        <\/div>\n                    <\/div>\n                                    <div class=\"rpc-chart-column\">\n                        <div class=\"rpc-chart-inner\" style=\"height: 32.692307692308%\">\n                            <div class=\"rpc-chart-column-value\">17 \u20ac<\/div>\n                            <div class=\"rpc-chart-month\">MAR<\/div>\n                        <\/div>\n                    <\/div>\n                                    <div class=\"rpc-chart-column\">\n                        <div class=\"rpc-chart-inner\" style=\"height: 42.307692307692%\">\n                            <div class=\"rpc-chart-column-value\">22 \u20ac<\/div>\n                            <div class=\"rpc-chart-month\">APR<\/div>\n                        <\/div>\n                    <\/div>\n                                    <div class=\"rpc-chart-column\">\n                        <div class=\"rpc-chart-inner\" style=\"height: 32.692307692308%\">\n                            <div class=\"rpc-chart-column-value\">17 \u20ac<\/div>\n                            <div class=\"rpc-chart-month\">MAY<\/div>\n                        <\/div>\n                    <\/div>\n                                    <div class=\"rpc-chart-column\">\n                        <div class=\"rpc-chart-inner\" style=\"height: 30.769230769231%\">\n                            <div class=\"rpc-chart-column-value\">16 \u20ac<\/div>\n                            <div class=\"rpc-chart-month\">JUN<\/div>\n                        <\/div>\n                    <\/div>\n                                    <div class=\"rpc-chart-column\">\n                        <div class=\"rpc-chart-inner\" style=\"height: 55.769230769231%\">\n                            <div class=\"rpc-chart-column-value\">29 \u20ac<\/div>\n                            <div class=\"rpc-chart-month\">JUL<\/div>\n                        <\/div>\n                    <\/div>\n                                    <div class=\"rpc-chart-column\">\n                        <div class=\"rpc-chart-inner\" style=\"height: 61.538461538462%\">\n                            <div class=\"rpc-chart-column-value\">32 \u20ac<\/div>\n                            <div class=\"rpc-chart-month\">AUG<\/div>\n                        <\/div>\n                    <\/div>\n                                    <div class=\"rpc-chart-column\">\n                        <div class=\"rpc-chart-inner\" style=\"height: 38.461538461538%\">\n                            <div class=\"rpc-chart-column-value\">20 \u20ac<\/div>\n                            <div class=\"rpc-chart-month\">SEP<\/div>\n                        <\/div>\n                    <\/div>\n                                    <div class=\"rpc-chart-column\">\n                        <div class=\"rpc-chart-inner\" style=\"height: 36.538461538462%\">\n                            <div class=\"rpc-chart-column-value\">19 \u20ac<\/div>\n                            <div class=\"rpc-chart-month\">OCT<\/div>\n                        <\/div>\n                    <\/div>\n                                    <div class=\"rpc-chart-column\">\n                        <div class=\"rpc-chart-inner\" style=\"height: 32.692307692308%\">\n                            <div class=\"rpc-chart-column-value\">17 \u20ac<\/div>\n                            <div class=\"rpc-chart-month\">NOV<\/div>\n                        <\/div>\n                    <\/div>\n                                    <div class=\"rpc-chart-column\">\n                        <div class=\"rpc-chart-inner\" style=\"height: 44.230769230769%\">\n                            <div class=\"rpc-chart-column-value\">23 \u20ac<\/div>\n                            <div class=\"rpc-chart-month\">DEC<\/div>\n                        <\/div>\n                    <\/div>\n                            <\/div>\n        <\/div>\n        \n<h2>Fas&#8217;ta araba kiralamak: Belgeler<\/h2>\n<p>21 (veya 25) ya\u015f\u0131ndan b\u00fcy\u00fcks\u00fcn\u00fcz ve biraz s\u00fcr\u00fc\u015f deneyiminiz var m\u0131? O halde Fas&#8217;ta ara\u00e7 kiralamak i\u00e7in sadece \u00fc\u00e7 belgeye ihtiyac\u0131n\u0131z var:<\/p>\n<ol>\n<li>Pasaport<\/li>\n<li>Ehliyet<\/li>\n<li>Kredi kart\u0131 (iste\u011fe ba\u011fl\u0131).<\/li>\n<\/ol>\n<p>Ayr\u0131ca bir Voucher&#8217;a (rezervasyon sertifikas\u0131) ihtiyac\u0131n\u0131z vard\u0131r, ancak rezervasyonunuz onayland\u0131ktan hemen sonra bir tane alacaks\u0131n\u0131z.<\/p>\n","protected":false},"excerpt":{"rendered":"<p>RosCar&#8217;dan Fas Ara\u00e7 Kiralama Binlerce y\u0131ll\u0131k tarih ve eski Arap gelenekleri milyonlarca turisti bir m\u0131knat\u0131s gibi kendine \u00e7ekmektedir. Burada, b\u00fcy\u00fck Sahra ve Atlantik Okyanusu&#8217;nun seslerinin yan\u0131 s\u0131ra modern ve tarih \u00f6ncesi k\u00fclt\u00fcrleri ve her t\u00fcrl\u00fc seyahat i\u00e7in m\u00fckemmel ko\u015fullar\u0131 bulabilirsiniz. Peki Fas&#8217;ta araba kiralamak zorunda m\u0131y\u0131m? Bu mevcut tek se\u00e7enek olmayabilir, ancak baz\u0131 a\u00e7\u0131k avantajlar\u0131 [&hellip;]<\/p>\n","protected":false},"author":1,"featured_media":133,"parent":0,"menu_order":0,"comment_status":"closed","ping_status":"closed","template":"","meta":{"footnotes":""},"class_list":["post-1040","page","type-page","status-publish","has-post-thumbnail",""],"_links":{"self":[{"href":"https:\/\/roscar.ma\/tr\/wp-json\/wp\/v2\/pages\/1040","targetHints":{"allow":["GET"]}}],"collection":[{"href":"https:\/\/roscar.ma\/tr\/wp-json\/wp\/v2\/pages"}],"about":[{"href":"https:\/\/roscar.ma\/tr\/wp-json\/wp\/v2\/types\/page"}],"author":[{"embeddable":true,"href":"https:\/\/roscar.ma\/tr\/wp-json\/wp\/v2\/users\/1"}],"replies":[{"embeddable":true,"href":"https:\/\/roscar.ma\/tr\/wp-json\/wp\/v2\/comments?post=1040"}],"version-history":[{"count":1,"href":"https:\/\/roscar.ma\/tr\/wp-json\/wp\/v2\/pages\/1040\/revisions"}],"predecessor-version":[{"id":1041,"href":"https:\/\/roscar.ma\/tr\/wp-json\/wp\/v2\/pages\/1040\/revisions\/1041"}],"wp:featuredmedia":[{"embeddable":true,"href":"https:\/\/roscar.ma\/tr\/wp-json\/wp\/v2\/media\/133"}],"wp:attachment":[{"href":"https:\/\/roscar.ma\/tr\/wp-json\/wp\/v2\/media?parent=1040"}],"curies":[{"name":"wp","href":"https:\/\/api.w.org\/{rel}","templated":true}]}}