{"id":2048,"date":"2025-07-17T11:07:41","date_gmt":"2025-07-17T11:07:41","guid":{"rendered":"https:\/\/roscar.ma\/?page_id=2048"},"modified":"2025-07-24T19:59:24","modified_gmt":"2025-07-24T19:59:24","slug":"autoberles-rabat","status":"publish","type":"page","link":"https:\/\/roscar.ma\/hu\/autoberles-rabat\/","title":{"rendered":"Aut\u00f3b\u00e9rl\u00e9s Rabat"},"content":{"rendered":"<h2>Aut\u00f3b\u00e9rl\u00e9s Rabat a RosCar-t\u00f3l<\/h2>\n<p>Marokk\u00f3 egy olyan orsz\u00e1g, ahol a sivatagi sz\u00e9ps\u00e9g, a tengeri t\u00e1jak \u00e9s a csod\u00e1latos \u00e9p\u00edt\u00e9szet olyan csod\u00e1latos kombin\u00e1ci\u00f3j\u00e1t tal\u00e1lja, amit sehol m\u00e1shol nem tal\u00e1l. Ha teh\u00e1t \u00e9szak-afrikai utaz\u00e1st tervez, jobb, ha id\u0151t sz\u00e1n arra, hogy teljesen elmer\u00fclj\u00f6n a muszlim paradicsomban. De ahhoz, hogy kalandj\u00e1t m\u00e9g k\u00e9nyelmesebb\u00e9 tegye, Rabatban aut\u00f3t is kell b\u00e9relnie:<\/p>\n<ul>\n<li>A j\u00e1rm\u0171vek nagy v\u00e1laszt\u00e9ka (b\u00e1rmilyen t\u00edpus\u00fa, \u00e1r\u00fa vagy sz\u00edn\u0171)<\/li>\n<li>Sz\u00e1mos extr\u00e1t \u00e9s funkci\u00f3t tal\u00e1lhat<\/li>\n<li>R\u00f6vid \u00e9s hossz\u00fa t\u00e1v\u00fa aut\u00f3b\u00e9rl\u00e9s<\/li>\n<li>24 \u00f3r\u00e1s foglal\u00e1s egy felhaszn\u00e1l\u00f3bar\u00e1t fel\u00fcleten.<\/li>\n<\/ul>\n<p>Mi az a RosCar? Ez egy olyan oldal, amely nagyszer\u0171 funkci\u00f3kkal rendelkezik az \u00e1rak \u00f6sszehasonl\u00edt\u00e1s\u00e1ra, a k\u00edv\u00e1nt szempontok szerinti v\u00e1logat\u00e1sra \u00e9s a gyors foglal\u00e1sra. Foglaljon most, \u00e9s er\u0151s\u00edtse meg foglal\u00e1s\u00e1t k\u00e1rty\u00e1val (a megrendel\u00e9s \u00f6sszeg\u00e9nek legfeljebb 20%-a sz\u00fcks\u00e9ges).<\/p>\n<h2>A RosCar \u00fatmutat\u00f3ja az aut\u00f3b\u00e9rl\u00e9shez Rabatban<\/h2>\n<p>B\u00e1r ez az orsz\u00e1g egy\u00e1ltal\u00e1n nem hasonl\u00edt az \u00e1ltalunk megszokott eur\u00f3pai vagy amerikai utc\u00e1kra, a k\u00f6zelg\u0151 utaz\u00e1s \u00e9lm\u00e9nye m\u00e9gis el\u00e9gg\u00e9 hasonl\u00f3 lesz. Ugyanez vonatkozik a rabati aut\u00f3k\u00f6lcs\u00f6nz\u00e9sre is, kiv\u00e9ve k\u00e9t finoms\u00e1got, amelyek gyorsan rendez\u0151dnek.<\/p>\n<h3>1. Milyen t\u00edpus\u00fa az \u00d6n t\u00edpusa?<\/h3>\n<p>Ne az els\u0151 j\u00e1rm\u0171vet foglalja le, amit tal\u00e1l. Jobb, ha a keres\u00e9si sz\u0171r\u0151k\u00f6n kereszt\u00fcl a rendelkez\u00e9sre \u00e1ll\u00f3 t\u00edpusok szerint rendezi a list\u00e1t:<\/p>\n<ul>\n<li>Standard vagy Compact<\/li>\n<li>SUV vagy Crossover<\/li>\n<li>Furgon vagy kisbusz<\/li>\n<li>Mini vagy Economy (A megfelel\u0151 aut\u00f3k\u00f6lcs\u00f6nz\u0151 Rabatban)<\/li>\n<li>Kabri\u00f3 vagy luxus.<\/li>\n<\/ul>\n<h3>2. Extr\u00e1k<\/h3>\n<p>A kieg\u00e9sz\u00edt\u0151 szolg\u00e1ltat\u00e1sok j\u00f3 lehet\u0151s\u00e9get ny\u00fajtanak arra, hogy a vezet\u00e9si \u00e9lm\u00e9nyt az \u00d6n egyedi ig\u00e9nyeihez igaz\u00edtsa. \u00cdme n\u00e9h\u00e1ny, amelyek k\u00f6z\u00fcl v\u00e1laszthat:<\/p>\n<ul>\n<li>Sebess\u00e9gv\u00e1lt\u00f3: Nyugodt vezet\u00e9st szeretne? V\u00e1lasszon automata sebess\u00e9gv\u00e1lt\u00f3t.<\/li>\n<li>SIM-k\u00e1rtya: Az okostelefonj\u00e1nak sz\u00fcks\u00e9ge van r\u00e1, hogy elker\u00fclje a t\u00falzott roamingd\u00edjakat.<\/li>\n<li>Gyermek\u00fcl\u00e9s: A kiskor\u00faaknak vagy 10 \u00e9vesn\u00e9l fiatalabb gyerekeknek biztons\u00e1gi rendszerre van sz\u00fcks\u00e9g\u00fck.<\/li>\n<li>Korl\u00e1tlan kilom\u00e9ter\u00f3ra: Ezzel a funkci\u00f3val eg\u00e9sz Marokk\u00f3 nyitva \u00e1ll az \u00d6n el\u0151tt.<\/li>\n<li>Nincs hitelk\u00e1rtya: Csak\u00fagy, mint a hagyom\u00e1nyos m\u00f3dszer, de hitelk\u00e1rtya n\u00e9lk\u00fcl.<\/li>\n<li>Garant\u00e1lt modell: Kihagyhatatlan opci\u00f3 azok sz\u00e1m\u00e1ra, akiknek rossz tapasztalataik voltak.<\/li>\n<li>Ingyenes lemond\u00e1s: Id\u0151ben kell ig\u00e9nybe venni (legal\u00e1bb 48 \u00f3r\u00e1val a kezd\u00e9si id\u0151pont el\u0151tt).<\/li>\n<li>Kieg\u00e9sz\u00edt\u0151 sof\u0151r: Hagyja, hogy bar\u00e1tja vezessen.<\/li>\n<li>Nincs kauci\u00f3: Ker\u00fclje el a felesleges banki d\u00edjakat a hitelk\u00e1rty\u00e1k let\u00e9t n\u00e9lk\u00fcli letilt\u00e1s\u00e1val.<\/li>\n<li>Kieg\u00e9sz\u00edt\u0151 biztos\u00edt\u00e1s: Egy olyan funkci\u00f3, amelyre kiv\u00e9tel n\u00e9lk\u00fcl mindenkinek sz\u00fcks\u00e9ge van. Friss\u00edtsen Super CDW-re vagy Full Coverage-re \u00e9s h\u0171ts\u00f6n.<\/li>\n<\/ul>\n<blockquote class=\"check\">\n<h2>Rabat aut\u00f3b\u00e9rl\u00e9s: \u00datmutat\u00f3<\/h2>\n<p>RosCar az\u00e9rt dolgozik, hogy csod\u00e1latos utaz\u00e1si \u00e9lm\u00e9nyt ny\u00fajtson \u00d6nnek a felv\u00e9telt\u0151l a lead\u00e1sig. Ez\u00e9rt a foglal\u00e1s n\u00e1lunk a lehet\u0151 legegyszer\u0171bb:<\/p>\n<ol>\n<li>Adja meg az adatokat: felv\u00e9tel, lead\u00e1s \u00e9s d\u00e1tumok.<\/li>\n<li>Menjen a sz\u0171r\u0151kh\u00f6z, \u00e9s v\u00e1lasszon ki n\u00e9h\u00e1nyat, amit vonz\u00f3nak tal\u00e1l, \u00e9s kap egy list\u00e1t.<\/li>\n<li>Foglaljon most.<\/li>\n<li>Adjon hozz\u00e1 inform\u00e1ci\u00f3kat.<\/li>\n<li>Fizessen most.<\/li>\n<\/ol>\n<p>Rabat aut\u00f3b\u00e9rl\u00e9s nem er\u0151s\u00edthet\u0151 meg bankk\u00e1rtya n\u00e9lk\u00fcl. A biztons\u00e1gi fizet\u00e9s ut\u00e1n (az \u00f6sszeg maximum 20%-a), a foglal\u00e1s visszaigazol\u00e1s\u00e1r\u00f3l sz\u00f3l\u00f3 igazol\u00e1ssal jutalmazzuk \u00d6nt.<\/p><\/blockquote>\n<h2>Aut\u00f3b\u00e9rl\u00e9s Rabat \u00e1r<\/h2>\n<p>Az \u00e1rak Marokk\u00f3 f\u0151v\u00e1ros\u00e1ban nem fognak \u00d6nnek t\u00fal dr\u00e1g\u00e1nak t\u0171nni, de m\u00e9g mindig magasabbak az eur\u00f3pai \u00e1tlagn\u00e1l:<\/p>\n<ul>\n<li>Az aut\u00f3 \u00e1ra: Economy 20-30 $\/nap.<\/li>\n<li>Standard 35-50 $\/nap<\/li>\n<li>SUV 50-70 $\/nap<\/li>\n<li>Luxus 80 $\/nap.<\/li>\n<\/ul>\n<p>Az aut\u00f3b\u00e9rl\u00e9s Rabatban olcs\u00f3bb lesz, ha:<\/p>\n<ul>\n<li>Ker\u00fclje a r\u00f6vid t\u00e1v\u00fa aut\u00f3b\u00e9rl\u00e9st<\/li>\n<li>A h\u00e9t k\u00f6zep\u00e9re teszi a kezd\u00e9si id\u0151pontot.<\/li>\n<li>El\u0151re foglaljon<\/li>\n<li>A megfelel\u0151 j\u00e1rm\u0171t\u00edpust v\u00e1lasztja.<\/li>\n<\/ul>\n<p>Hasonl\u00edtsa \u00f6ssze az \u00e1rakat, hogy megtal\u00e1lja a legkedvez\u0151bb \u00e1rat:<\/p>\n<h3>Rabat, Marokk\u00f3 aut\u00f3b\u00e9rl\u00e9si \u00e1rait tartalmaz\u00f3 t\u00e1bl\u00e1zat<\/h3>\n<table border=\"1\">\n<thead>\n<tr>\n<th>Aut\u00f3 modell<\/th>\n<th>Karossz\u00e9ria t\u00edpusa<\/th>\n<th>\u00c1r naponta (alacsony szezonban)<\/th>\n<th>\u00c1r naponta (f\u0151szezonban)<\/th>\n<th>Utasok<\/th>\n<th>Poggy\u00e1sz kapacit\u00e1s<\/th>\n<\/tr>\n<\/thead>\n<tbody>\n<tr>\n<td>Hyundai i10<\/td>\n<td>Hatchback<\/td>\n<td>21 \u20ac<\/td>\n<td>29 \u20ac<\/td>\n<td>4<\/td>\n<td>1<\/td>\n<\/tr>\n<tr>\n<td>Dacia Logan<\/td>\n<td>Sedan<\/td>\n<td>23 \u20ac<\/td>\n<td>32 \u20ac<\/td>\n<td>5<\/td>\n<td>2<\/td>\n<\/tr>\n<tr>\n<td>Peugeot 208<\/td>\n<td>Hatchback<\/td>\n<td>24 \u20ac<\/td>\n<td>34 \u20ac<\/td>\n<td>5<\/td>\n<td>2<\/td>\n<\/tr>\n<tr>\n<td>Renault Clio<\/td>\n<td>Hatchback<\/td>\n<td>26 \u20ac<\/td>\n<td>36 \u20ac<\/td>\n<td>5<\/td>\n<td>2<\/td>\n<\/tr>\n<tr>\n<td>Volkswagen Golf<\/td>\n<td>Hatchback<\/td>\n<td>30 \u20ac<\/td>\n<td>42 \u20ac<\/td>\n<td>5<\/td>\n<td>3<\/td>\n<\/tr>\n<tr>\n<td>Citro\u00ebn C-Elys\u00e9e<\/td>\n<td>Szed\u00e1n<\/td>\n<td>25 \u20ac<\/td>\n<td>35 \u20ac<\/td>\n<td>5<\/td>\n<td>3<\/td>\n<\/tr>\n<tr>\n<td>Renault Captur<\/td>\n<td>Crossover<\/td>\n<td>32 \u20ac<\/td>\n<td>44 \u20ac<\/td>\n<td>5<\/td>\n<td>3<\/td>\n<\/tr>\n<tr>\n<td>Dacia Duster<\/td>\n<td>SUV<\/td>\n<td>36 \u20ac<\/td>\n<td>48 \u20ac<\/td>\n<td>5<\/td>\n<td>3<\/td>\n<\/tr>\n<tr>\n<td>Hyundai Tucson<\/td>\n<td>SUV<\/td>\n<td>52 \u20ac<\/td>\n<td>66 \u20ac<\/td>\n<td>5<\/td>\n<td>4<\/td>\n<\/tr>\n<tr>\n<td>Peugeot 3008<\/td>\n<td>SUV<\/td>\n<td>55 \u20ac<\/td>\n<td>70 \u20ac<\/td>\n<td>5<\/td>\n<td>4<\/td>\n<\/tr>\n<\/tbody>\n<\/table>\n        <div class=\"rpc-chart\">\n            <h3>A rabat-i aut\u00f3k\u00f6lcs\u00f6nz\u00e9si \u00e1rak szezon\u00e1lis ingadoz\u00e1sai: val\u00f3s foglal\u00e1sokon alapul\u00f3 elemz\u00e9s<\/h3>\n            <div><p>Az al\u00e1bbi t\u00e1bl\u00e1zat a rabat-i \u00e1tlagos aut\u00f3k\u00f6lcs\u00f6nz\u00e9si \u00e1rak v\u00e1ltoz\u00e1s\u00e1nak dinamik\u00e1j\u00e1t mutatja az elm\u00falt h\u00e1rom \u00e9vben. Az inform\u00e1ci\u00f3 forr\u00e1sa a roscar.ma platformon kereszt\u00fcl leadott val\u00f3s megrendel\u00e9sek, amely szolg\u00e1ltat\u00e1s k\u00f6zvet\u00edt\u0151k n\u00e9lk\u00fcl egyes\u00edti a hiteles\u00edtett helyi aut\u00f3k\u00f6lcs\u00f6nz\u0151 c\u00e9gek aj\u00e1nlatait.<\/p>\n<p>Az elemz\u00e9s sz\u00e9les k\u00f6r\u0171 j\u00e1rm\u0171veket fed le: a kompakt v\u00e1rosi modellekt\u0151l a k\u00e9nyelmes SUV-okig, kabri\u00f3kig \u00e9s pr\u00e9mium aut\u00f3kig. Ez a megk\u00f6zel\u00edt\u00e9s objekt\u00edv k\u00e9pet ad arr\u00f3l, hogyan v\u00e1ltoznak az \u00e1rak a szezont\u00f3l \u00e9s a turisztikai aktivit\u00e1st\u00f3l f\u00fcgg\u0151en.<\/p>\n<p>Sok\u00e9ves tapasztalatunkra t\u00e1maszkodunk az utaz\u00f3kkal val\u00f3 egy\u00fcttm\u0171k\u00f6d\u00e9s ter\u00e9n, \u00e9s folyamatosan friss\u00edtj\u00fck adatainkat a piaci trendek alapj\u00e1n. Ez praktikus \u00e9s megb\u00edzhat\u00f3 inform\u00e1ci\u00f3kat ny\u00fajt a felhaszn\u00e1l\u00f3knak, amelyek seg\u00edtenek nekik megtervezni a k\u00f6lts\u00e9gvet\u00e9s\u00fcket \u00e9s kiv\u00e1lasztani a legkedvez\u0151bb id\u0151pontot aut\u00f3b\u00e9rl\u00e9sre a marokk\u00f3i f\u0151v\u00e1rosban.<\/p>\n<\/div>\n            <div class=\"rpc-chart-bars\">\n                                    <div class=\"rpc-chart-column\">\n                        <div class=\"rpc-chart-inner\" style=\"height: 28.301886792453%\">\n                            <div class=\"rpc-chart-column-value\">15 \u20ac<\/div>\n                            <div class=\"rpc-chart-month\">JAN<\/div>\n                        <\/div>\n                    <\/div>\n                                    <div class=\"rpc-chart-column\">\n                        <div class=\"rpc-chart-inner\" style=\"height: 26.415094339623%\">\n                            <div class=\"rpc-chart-column-value\">14 \u20ac<\/div>\n                            <div class=\"rpc-chart-month\">FEB<\/div>\n                        <\/div>\n                    <\/div>\n                                    <div class=\"rpc-chart-column\">\n                        <div class=\"rpc-chart-inner\" style=\"height: 24.528301886792%\">\n                            <div class=\"rpc-chart-column-value\">13 \u20ac<\/div>\n                            <div class=\"rpc-chart-month\">MAR<\/div>\n                        <\/div>\n                    <\/div>\n                                    <div class=\"rpc-chart-column\">\n                        <div class=\"rpc-chart-inner\" style=\"height: 39.622641509434%\">\n                            <div class=\"rpc-chart-column-value\">21 \u20ac<\/div>\n                            <div class=\"rpc-chart-month\">APR<\/div>\n                        <\/div>\n                    <\/div>\n                                    <div class=\"rpc-chart-column\">\n                        <div class=\"rpc-chart-inner\" style=\"height: 32.075471698113%\">\n                            <div class=\"rpc-chart-column-value\">17 \u20ac<\/div>\n                            <div class=\"rpc-chart-month\">MAY<\/div>\n                        <\/div>\n                    <\/div>\n                                    <div class=\"rpc-chart-column\">\n                        <div class=\"rpc-chart-inner\" style=\"height: 32.075471698113%\">\n                            <div class=\"rpc-chart-column-value\">17 \u20ac<\/div>\n                            <div class=\"rpc-chart-month\">JUN<\/div>\n                        <\/div>\n                    <\/div>\n                                    <div class=\"rpc-chart-column\">\n                        <div class=\"rpc-chart-inner\" style=\"height: 49.056603773585%\">\n                            <div class=\"rpc-chart-column-value\">26 \u20ac<\/div>\n                            <div class=\"rpc-chart-month\">JUL<\/div>\n                        <\/div>\n                    <\/div>\n                                    <div class=\"rpc-chart-column\">\n                        <div class=\"rpc-chart-inner\" style=\"height: 62.264150943396%\">\n                            <div class=\"rpc-chart-column-value\">33 \u20ac<\/div>\n                            <div class=\"rpc-chart-month\">AUG<\/div>\n                        <\/div>\n                    <\/div>\n                                    <div class=\"rpc-chart-column\">\n                        <div class=\"rpc-chart-inner\" style=\"height: 47.169811320755%\">\n                            <div class=\"rpc-chart-column-value\">25 \u20ac<\/div>\n                            <div class=\"rpc-chart-month\">SEP<\/div>\n                        <\/div>\n                    <\/div>\n                                    <div class=\"rpc-chart-column\">\n                        <div class=\"rpc-chart-inner\" style=\"height: 37.735849056604%\">\n                            <div class=\"rpc-chart-column-value\">20 \u20ac<\/div>\n                            <div class=\"rpc-chart-month\">OCT<\/div>\n                        <\/div>\n                    <\/div>\n                                    <div class=\"rpc-chart-column\">\n                        <div class=\"rpc-chart-inner\" style=\"height: 45.283018867925%\">\n                            <div class=\"rpc-chart-column-value\">24 \u20ac<\/div>\n                            <div class=\"rpc-chart-month\">NOV<\/div>\n                        <\/div>\n                    <\/div>\n                                    <div class=\"rpc-chart-column\">\n                        <div class=\"rpc-chart-inner\" style=\"height: 37.735849056604%\">\n                            <div class=\"rpc-chart-column-value\">20 \u20ac<\/div>\n                            <div class=\"rpc-chart-month\">DEC<\/div>\n                        <\/div>\n                    <\/div>\n                            <\/div>\n        <\/div>\n        \n<h2>Aut\u00f3b\u00e9rl\u00e9s Rabatban: Dokumentumok<\/h2>\n<p>A szerz\u0151d\u00e9s al\u00e1\u00edr\u00e1s\u00e1hoz \u00e9s a j\u00e1rm\u0171 \u00e1tv\u00e9tel\u00e9hez t\u00f6bb (angol nyelv\u0171 \u00e9s 100%-ban \u00e9rv\u00e9nyes) dokumentumra lesz sz\u00fcks\u00e9ge:<\/p>\n<ol>\n<li>Jogos\u00edtv\u00e1ny<\/li>\n<li>\u00datlev\u00e9l<\/li>\n<li>Hitelk\u00e1rtya (nem k\u00f6telez\u0151).<\/li>\n<\/ol>\n<p>Az aut\u00f3b\u00e9rl\u00e9s Rabat az ide\u00e1lis v\u00e1laszt\u00e1s egy k\u00e9nyelmes \u00e9s gondtalan marokk\u00f3i utaz\u00e1shoz.<\/p>\n","protected":false},"excerpt":{"rendered":"<p>Aut\u00f3b\u00e9rl\u00e9s Rabat a RosCar-t\u00f3l Marokk\u00f3 egy olyan orsz\u00e1g, ahol a sivatagi sz\u00e9ps\u00e9g, a tengeri t\u00e1jak \u00e9s a csod\u00e1latos \u00e9p\u00edt\u00e9szet olyan csod\u00e1latos kombin\u00e1ci\u00f3j\u00e1t tal\u00e1lja, amit sehol m\u00e1shol nem tal\u00e1l. Ha teh\u00e1t \u00e9szak-afrikai utaz\u00e1st tervez, jobb, ha id\u0151t sz\u00e1n arra, hogy teljesen elmer\u00fclj\u00f6n a muszlim paradicsomban. De ahhoz, hogy kalandj\u00e1t m\u00e9g k\u00e9nyelmesebb\u00e9 tegye, Rabatban aut\u00f3t is kell [&hellip;]<\/p>\n","protected":false},"author":1,"featured_media":214,"parent":0,"menu_order":0,"comment_status":"closed","ping_status":"closed","template":"","meta":{"footnotes":""},"class_list":["post-2048","page","type-page","status-publish","has-post-thumbnail",""],"_links":{"self":[{"href":"https:\/\/roscar.ma\/hu\/wp-json\/wp\/v2\/pages\/2048","targetHints":{"allow":["GET"]}}],"collection":[{"href":"https:\/\/roscar.ma\/hu\/wp-json\/wp\/v2\/pages"}],"about":[{"href":"https:\/\/roscar.ma\/hu\/wp-json\/wp\/v2\/types\/page"}],"author":[{"embeddable":true,"href":"https:\/\/roscar.ma\/hu\/wp-json\/wp\/v2\/users\/1"}],"replies":[{"embeddable":true,"href":"https:\/\/roscar.ma\/hu\/wp-json\/wp\/v2\/comments?post=2048"}],"version-history":[{"count":0,"href":"https:\/\/roscar.ma\/hu\/wp-json\/wp\/v2\/pages\/2048\/revisions"}],"wp:featuredmedia":[{"embeddable":true,"href":"https:\/\/roscar.ma\/hu\/wp-json\/wp\/v2\/media\/214"}],"wp:attachment":[{"href":"https:\/\/roscar.ma\/hu\/wp-json\/wp\/v2\/media?parent=2048"}],"curies":[{"name":"wp","href":"https:\/\/api.w.org\/{rel}","templated":true}]}}